{"id":1191,"date":"2025-11-04T12:01:21","date_gmt":"2025-11-04T11:01:21","guid":{"rendered":"https:\/\/test-agraph.space\/cisma\/?page_id=1191"},"modified":"2026-01-11T10:15:23","modified_gmt":"2026-01-11T09:15:23","slug":"about","status":"publish","type":"page","link":"https:\/\/test-agraph.space\/cisma\/about\/","title":{"rendered":"ABOUT"},"content":{"rendered":"<div class=\"wpb-content-wrapper\"><p>[vc_row][vc_column width=\u00bb1\/1&#8243;][uncode_block id=\u00bb600&#8243;][\/vc_column][\/vc_row][vc_row unlock_row_content=\u00bbyes\u00bb row_height_percent=\u00bb0&#8243; override_padding=\u00bbyes\u00bb h_padding=\u00bb0&#8243; top_padding=\u00bb0&#8243; bottom_padding=\u00bb0&#8243; overlay_alpha=\u00bb50&#8243; gutter_size=\u00bb3&#8243; column_width_percent=\u00bb100&#8243; shift_y=\u00bb0&#8243; z_index=\u00bb3&#8243; content_parallax=\u00bb0&#8243; uncode_shortcode_id=\u00bb769351&#8243; el_class=\u00bbhero-wrap DivHeader Blur\u00bb][vc_column column_width_percent=\u00bb100&#8243; gutter_size=\u00bb3&#8243; override_padding=\u00bbyes\u00bb column_padding=\u00bb0&#8243; overlay_alpha=\u00bb50&#8243; shift_x=\u00bb0&#8243; shift_y=\u00bb0&#8243; shift_y_down=\u00bb0&#8243; z_index=\u00bb0&#8243; medium_width=\u00bb0&#8243; mobile_width=\u00bb0&#8243; width=\u00bb1\/1&#8243; uncode_shortcode_id=\u00bb316626&#8243; el_class=\u00bbhero-stack\u00bb]\n\t\t\t\t<p class=\"rs-p-wp-fix\"><\/p>\n\t\t\t\t<sr7-module data-alias=\"interacciones-SpacesCircles\" data-id=\"75\" id=\"SR7_75_1\" class=\"rs-ov-hidden\" data-version=\"6.7.37\">\n\t\t\t\t\t<sr7-adjuster><\/sr7-adjuster>\n\t\t\t\t\t<sr7-content>\n\t\t\t\t\t\t<sr7-slide id=\"SR7_75_1-159\" data-key=\"159\">\n\t\t\t\t\t\t<\/sr7-slide>\n\t\t\t\t\t\t<sr7-slide id=\"SR7_75_1-160\" data-key=\"160\">\n\t\t\t\t\t\t<\/sr7-slide>\n\t\t\t\t\t<\/sr7-content>\n\t\t\t\t<\/sr7-module>\n\t\t\t\t<script>\n\t\t\t\t\tSR7.PMH ??={}; SR7.PMH[\"SR7_75_1\"] = {cn:100,state:false,fn: function() { if (_tpt!==undefined && _tpt.prepareModuleHeight !== undefined) {  _tpt.prepareModuleHeight({id:\"SR7_75_1\",el:[900,900,900,900,720],type:'standard',shdw:'0',gh:[900,900,900,900,720],gw:[1240,1240,1240,1240,480],vpt:['-100px&#039;,&#039;-100px&#039;,&#039;-100px&#039;,&#039;-100px&#039;,&#039;-100px'],size:{fullWidth:true, fullHeight:true},fho:'',mh:'0',onh:0,onw:0,bg:{color:'{\"orig\":\"transparent\",\"type\":\"solid\",\"string\":\"transparent\"}'}});   SR7.PMH[\"SR7_75_1\"].state=true;} else if(SR7.PMH[\"SR7_75_1\"].cn-->0)\tsetTimeout( SR7.PMH[\"SR7_75_1\"].fn,19);}};SR7.PMH[\"SR7_75_1\" ].fn();\n\t\t\t\t<\/script>\n[vc_column_text uncode_shortcode_id=\u00bb111642&#8243; el_class=\u00bbhero-top\u00bb]<\/p>\n<h1 class=\"tituloApartado MPFadeLetras\">ABOUT<\/h1>\n<h2 class=\"subtituloLab gradient-text-teresa MPFadeSubtitulo\">Community for<br \/>\nInnovation Synapses &amp;<br \/>\nMediation in Arts<\/h2>\n<p>[\/vc_column_text][vc_column_text uncode_shortcode_id=\u00bb488939&#8243; el_class=\u00bbhero-bottom MPFadeMenu1&#8243;]<\/p>\n<h3 class=\"Menu NoMarginDown\"><a class=\"_ps2id MPLinkAmarillo\" href=\"#proceso\" data-ps2id-offset=\"\">Scroll down<\/a><br \/>\n<a class=\"_ps2id MPLinkAmarillo\" href=\"#netcommunity\" data-ps2id-offset=\"\">Net community<\/a><\/h3>\n<p><a class=\"_ps2id MPLinkAmarillo\" href=\"#informacion\" data-ps2id-offset=\"\"><img decoding=\"async\" class=\"alignnone wp-image-75\" src=\"https:\/\/test-agraph.space\/cisma\/wp-content\/uploads\/2025\/09\/ArrowTeresa1.svg\" alt=\"\" width=\"30\" height=\"30\" \/><\/a>[\/vc_column_text][vc_column_text uncode_shortcode_id=\u00bb122611&#8243; el_class=\u00bbhero-br\u00bb]<\/p>\n<h3 class=\"Artwork NoMarginDown gradient-text-teresa\" style=\"text-align: right;\"><a class=\"_ps2id MPLinkAmarillo\" href=\"#informacion\" data-ps2id-offset=\"\">Artwork by<\/a><br \/>\n<a class=\"_ps2id MPLinkAmarillo\" href=\"#participantes\" data-ps2id-offset=\"\">Space Circles<\/a><\/h3>\n<p>[\/vc_column_text][\/vc_column][\/vc_row][vc_row unlock_row_content=\u00bbyes\u00bb row_height_percent=\u00bb0&#8243; override_padding=\u00bbyes\u00bb h_padding=\u00bb0&#8243; top_padding=\u00bb0&#8243; bottom_padding=\u00bb0&#8243; overlay_alpha=\u00bb50&#8243; gutter_size=\u00bb3&#8243; column_width_percent=\u00bb100&#8243; shift_y=\u00bb0&#8243; z_index=\u00bb2&#8243; desktop_visibility=\u00bbyes\u00bb medium_visibility=\u00bbyes\u00bb content_parallax=\u00bb0&#8243; uncode_shortcode_id=\u00bb934502&#8243;][vc_column column_width_percent=\u00bb100&#8243; gutter_size=\u00bb3&#8243; overlay_alpha=\u00bb50&#8243; shift_x=\u00bb0&#8243; shift_y=\u00bb0&#8243; shift_y_down=\u00bb0&#8243; z_index=\u00bb0&#8243; medium_width=\u00bb0&#8243; mobile_width=\u00bb0&#8243; width=\u00bb1\/1&#8243; uncode_shortcode_id=\u00bb109131&#8243;]\n\t\t\t\t<p class=\"rs-p-wp-fix\"><\/p>\n\t\t\t\t<sr7-module data-alias=\"Back-Black\" data-id=\"14\" id=\"SR7_14_2\" class=\"Blur rs-ov-hidden\" data-version=\"6.7.37\">\n\t\t\t\t\t<sr7-adjuster><\/sr7-adjuster>\n\t\t\t\t\t<sr7-content>\n\t\t\t\t\t\t<sr7-slide id=\"SR7_14_2-27\" data-key=\"27\">\n\t\t\t\t\t\t<\/sr7-slide>\n\t\t\t\t\t\t<sr7-slide id=\"SR7_14_2-28\" data-key=\"28\">\n\t\t\t\t\t\t<\/sr7-slide>\n\t\t\t\t\t<\/sr7-content>\n\t\t\t\t<\/sr7-module>\n\t\t\t\t<script>\n\t\t\t\t\tSR7.PMH ??={}; SR7.PMH[\"SR7_14_2\"] = {cn:100,state:false,fn: function() { if (_tpt!==undefined && _tpt.prepareModuleHeight !== undefined) {  _tpt.prepareModuleHeight({id:\"SR7_14_2\",el:[80,80,80,80,100],fixed:true,type:'standard',shdw:'0',gh:[80,80,80,80,110],gw:[1240,1240,1240,1240,720],vpt:['-100px&#039;,&#039;-100px&#039;,&#039;-100px&#039;,&#039;-100px&#039;,&#039;-100px'],size:{fullWidth:true, fullHeight:false},mh:'0',onh:0,onw:0,bg:{color:'{\"orig\":\"transparent\",\"type\":\"solid\",\"string\":\"transparent\"}'}});   SR7.PMH[\"SR7_14_2\"].state=true;} else if(SR7.PMH[\"SR7_14_2\"].cn-->0)\tsetTimeout( SR7.PMH[\"SR7_14_2\"].fn,19);}};SR7.PMH[\"SR7_14_2\" ].fn();\n\t\t\t\t<\/script>\n[\/vc_column][\/vc_row][vc_row unlock_row_content=\u00bbyes\u00bb row_height_percent=\u00bb0&#8243; override_padding=\u00bbyes\u00bb h_padding=\u00bb0&#8243; top_padding=\u00bb3&#8243; bottom_padding=\u00bb0&#8243; overlay_alpha=\u00bb50&#8243; gutter_size=\u00bb3&#8243; column_width_percent=\u00bb100&#8243; shift_y=\u00bb0&#8243; z_index=\u00bb0&#8243; content_parallax=\u00bb0&#8243; uncode_shortcode_id=\u00bb752807&#8243; el_class=\u00bbDivMain Blur\u00bb][vc_column column_width_percent=\u00bb100&#8243; gutter_size=\u00bb0&#8243; override_padding=\u00bbyes\u00bb column_padding=\u00bb0&#8243; overlay_alpha=\u00bb50&#8243; shift_x=\u00bb0&#8243; shift_y=\u00bb0&#8243; shift_y_down=\u00bb0&#8243; z_index=\u00bb0&#8243; medium_width=\u00bb0&#8243; mobile_width=\u00bb0&#8243; width=\u00bb1\/1&#8243; uncode_shortcode_id=\u00bb189184&#8243; el_class=\u00bbhero-stack\u00bb css=\u00bb.vc_custom_1757950756738{border-top-width: 0px !important;border-bottom-width: 0px !important;padding-top: 0px !important;padding-bottom: 0px !important;}\u00bb][vc_column_text uncode_shortcode_id=\u00bb179591&#8243;]<\/p>\n<h5 class=\"subtituloLab\"><a id=\"informacion\"><\/a><\/h5>\n<p>[\/vc_column_text][vc_column_text uncode_shortcode_id=\u00bb145215&#8243; css=\u00bb.vc_custom_1762273553029{padding-bottom: 20px !important;}\u00bb]<\/p>\n<h2 class=\"subtituloLab gradient-text-teresa MPFadeSubtitulo\">\u00bfQu\u00e9 es cisma.art?<\/h2>\n<p>[\/vc_column_text][vc_column_text uncode_shortcode_id=\u00bb100561&#8243; el_class=\u00bbMPFadeTexto1&#8243;]<\/p>\n<h3 class=\"Main\">Cisma no es una instituci\u00f3n, no es una galer\u00eda, ni un festival, ni una escuela, ni un centro o espacio art\u00edstico. CISMA es un organismo vivo, un campo de fuerzas en el que el arte, la tecnolog\u00eda, la teor\u00eda y la comunidad se interconectan sin jerarqu\u00edas.<\/h3>\n<p>[\/vc_column_text][\/vc_column][vc_column column_width_percent=\u00bb100&#8243; gutter_size=\u00bb0&#8243; override_padding=\u00bbyes\u00bb column_padding=\u00bb0&#8243; overlay_alpha=\u00bb50&#8243; shift_x=\u00bb0&#8243; shift_y=\u00bb0&#8243; shift_y_down=\u00bb0&#8243; z_index=\u00bb0&#8243; medium_width=\u00bb0&#8243; mobile_width=\u00bb0&#8243; width=\u00bb1\/2&#8243; uncode_shortcode_id=\u00bb153449&#8243; css=\u00bb.vc_custom_1758093124786{border-top-width: 0px !important;border-bottom-width: 0px !important;padding-top: 0px !important;padding-bottom: 0px !important;}\u00bb el_class=\u00bbMarginCol2 MPFadeBloque\u00bb][vc_column_text uncode_shortcode_id=\u00bb118239&#8243;]<\/p>\n<p class=\"MainSerif grey\">Nace de una certeza, los modos tradicionales de gesti\u00f3n cultural, basados en la centralizaci\u00f3n, la curadur\u00eda unidireccional y la temporalidad de los eventos ya no bastan para pensar ni sostener la complejidad contempor\u00e1nea. En cisma los roles se disuelven, el artista puede ser programador, te\u00f3rico, oyente, dise\u00f1ador, moderador o performer. El p\u00fablico puede ser coautor.<\/p>\n<p>[\/vc_column_text][\/vc_column][vc_column column_width_percent=\u00bb100&#8243; gutter_size=\u00bb0&#8243; override_padding=\u00bbyes\u00bb column_padding=\u00bb0&#8243; overlay_alpha=\u00bb50&#8243; shift_x=\u00bb0&#8243; shift_y=\u00bb0&#8243; shift_y_down=\u00bb0&#8243; z_index=\u00bb0&#8243; medium_width=\u00bb0&#8243; mobile_width=\u00bb0&#8243; width=\u00bb1\/2&#8243; uncode_shortcode_id=\u00bb880477&#8243; css=\u00bb.vc_custom_1758093132843{border-top-width: 0px !important;border-bottom-width: 0px !important;padding-top: 0px !important;padding-bottom: 0px !important;}\u00bb el_class=\u00bbMPFadeBloque\u00bb][vc_column_text uncode_shortcode_id=\u00bb477107&#8243;]<\/p>\n<p class=\"MainSerif grey\">El gestor puede ser creador, todo se reorganiza en torno a la idea de interdependencia creativa. Ser una comunidad de nueva generaci\u00f3n implica que cisma no se limita a producir contenidos, sino contextos, no organiza exposiciones, sino ecosistemas, no programa eventos, sino acontecimientos, cisma no como ruptura violenta, sino como cambio, una transformaci\u00f3n que abre paso a nuevas formas de pensar, crear y convivir.<\/p>\n<p>[\/vc_column_text][\/vc_column][\/vc_row][vc_row unlock_row_content=\u00bbyes\u00bb row_height_percent=\u00bb0&#8243; override_padding=\u00bbyes\u00bb h_padding=\u00bb0&#8243; top_padding=\u00bb2&#8243; bottom_padding=\u00bb0&#8243; overlay_alpha=\u00bb50&#8243; gutter_size=\u00bb3&#8243; column_width_percent=\u00bb100&#8243; shift_y=\u00bb0&#8243; z_index=\u00bb0&#8243; content_parallax=\u00bb0&#8243; uncode_shortcode_id=\u00bb152143&#8243; el_class=\u00bbDivMain MPFadeBloque Blur\u00bb][vc_column column_width_percent=\u00bb100&#8243; gutter_size=\u00bb0&#8243; override_padding=\u00bbyes\u00bb column_padding=\u00bb0&#8243; overlay_alpha=\u00bb50&#8243; shift_x=\u00bb0&#8243; shift_y=\u00bb0&#8243; shift_y_down=\u00bb0&#8243; z_index=\u00bb0&#8243; medium_width=\u00bb0&#8243; mobile_width=\u00bb0&#8243; width=\u00bb1\/2&#8243; uncode_shortcode_id=\u00bb193343&#8243; css=\u00bb.vc_custom_1758016230685{border-top-width: 0px !important;border-bottom-width: 0px !important;padding-top: 0px !important;padding-bottom: 0px !important;}\u00bb el_class=\u00bbMarginCol2&#8243;][vc_column_text uncode_shortcode_id=\u00bb741491&#8243; css=\u00bb.vc_custom_1757952593087{margin-bottom: 0px !important;padding-top: 30px !important;}\u00bb]<\/p>\n<hr class=\"linea-contenedor\" \/>\n<p>[\/vc_column_text][vc_column_text uncode_shortcode_id=\u00bb197493&#8243;]<\/p>\n<h6 class=\"serifTitulo NoMargin\">02<\/h6>\n<h2 class=\"subtituloLab gradient-text-teresa MPFadeSubtitulo\">De la gesti\u00f3n cultural al ecosistema distribuido<\/h2>\n<p class=\"MainSerif grey\">En el modelo cl\u00e1sico, la gesti\u00f3n cultural es vertical. El gestor planifica, el artista produce, el p\u00fablico asiste. Cisma sustituye esa verticalidad por una gesti\u00f3n distribuida, basada en la l\u00f3gica de red.<\/p>\n<p class=\"MainSerif grey\">Cada nodo funciona como una c\u00e9lula aut\u00f3noma pero interconectada. Ninguna domina a la otra, todas comparten informaci\u00f3n, metodolog\u00edas, p\u00fablicos, herramientas. Lo importante no es la jerarqu\u00eda, sino la circulaci\u00f3n de ideas, de saberes, de energ\u00edas. As\u00ed, la gesti\u00f3n deja de ser una tarea administrativa para volverse un acto coreogr\u00e1fico, gestionar es modular intensidades, abrir espacios.<\/p>\n<p class=\"MainSerif grey\">Este modelo distribuido tiene tambi\u00e9n una dimensi\u00f3n \u00e9tica y pol\u00edtica. Propone un modo de hacer cultura m\u00e1s horizontal. La gesti\u00f3n se entiende como un ejercicio colectivo de escucha y coescritura.<\/p>\n<p>[\/vc_column_text][\/vc_column][vc_column column_width_percent=\u00bb100&#8243; gutter_size=\u00bb0&#8243; override_padding=\u00bbyes\u00bb column_padding=\u00bb0&#8243; overlay_alpha=\u00bb50&#8243; shift_x=\u00bb0&#8243; shift_y=\u00bb0&#8243; shift_y_down=\u00bb0&#8243; z_index=\u00bb0&#8243; medium_width=\u00bb0&#8243; mobile_width=\u00bb0&#8243; width=\u00bb1\/2&#8243; uncode_shortcode_id=\u00bb661352&#8243; css=\u00bb.vc_custom_1757950707043{border-top-width: 0px !important;border-bottom-width: 0px !important;padding-top: 0px !important;padding-bottom: 0px !important;}\u00bb][vc_column_text uncode_shortcode_id=\u00bb741491&#8243; css=\u00bb.vc_custom_1757952593087{margin-bottom: 0px !important;padding-top: 30px !important;}\u00bb]<\/p>\n<hr class=\"linea-contenedor\" \/>\n<p>[\/vc_column_text][vc_column_text uncode_shortcode_id=\u00bb151089&#8243;]<\/p>\n<h6 class=\"serifTitulo NoMargin\">03<\/h6>\n<h2 class=\"subtituloLab gradient-text-teresa MPFadeSubtitulo\">Comunidad como estructura rizom\u00e1ticao<\/h2>\n<p class=\"MainSerif grey\">Una comunidad, en el sentido cism\u00e1tico, no es un conjunto de miembros, sino un entorno compartido. Se forma no por adhesi\u00f3n ideol\u00f3gica, sino por una necesidad de compartir. Las comunidades digitales y art\u00edsticas contempor\u00e1neas se definen menos por la pertenencia y m\u00e1s por la sinton\u00eda.<\/p>\n<p class=\"MainSerif grey\">En lugar de una comunidad fija, cisma act\u00faa como un plano de consistencia donde las intensidades se agregan temporalmente. Una residencia, un podcast, un acontecimiento, un texto, una intervenci\u00f3n en red, todos son manifestaciones distintas de la misma energ\u00eda.<\/p>\n<p class=\"MainSerif grey\">Esta forma de comunidad descentralizada y experimental responde a una necesidad profunda del presente: redefinir c\u00f3mo nos vinculamos creativamente en un tiempo de hiperconectividad, pero tambi\u00e9n de aislamiento. Frente al ruido constante de las redes, cisma propone un tejido m\u00e1s consciente, experimental, donde la relaci\u00f3n no se reduce al intercambio de informaci\u00f3n.<\/p>\n<p>[\/vc_column_text][\/vc_column][\/vc_row][vc_row unlock_row_content=\u00bbyes\u00bb row_height_percent=\u00bb0&#8243; override_padding=\u00bbyes\u00bb h_padding=\u00bb0&#8243; top_padding=\u00bb2&#8243; bottom_padding=\u00bb2&#8243; overlay_alpha=\u00bb50&#8243; gutter_size=\u00bb3&#8243; column_width_percent=\u00bb100&#8243; shift_y=\u00bb0&#8243; z_index=\u00bb0&#8243; content_parallax=\u00bb0&#8243; uncode_shortcode_id=\u00bb688216&#8243; el_class=\u00bbDivMain MPFadeBloque Blur\u00bb][vc_column column_width_percent=\u00bb100&#8243; gutter_size=\u00bb0&#8243; override_padding=\u00bbyes\u00bb column_padding=\u00bb0&#8243; overlay_alpha=\u00bb50&#8243; shift_x=\u00bb0&#8243; shift_y=\u00bb0&#8243; shift_y_down=\u00bb0&#8243; z_index=\u00bb0&#8243; medium_width=\u00bb0&#8243; mobile_width=\u00bb0&#8243; width=\u00bb1\/2&#8243; uncode_shortcode_id=\u00bb193343&#8243; css=\u00bb.vc_custom_1758016230685{border-top-width: 0px !important;border-bottom-width: 0px !important;padding-top: 0px !important;padding-bottom: 0px !important;}\u00bb el_class=\u00bbMarginCol2&#8243;][vc_column_text uncode_shortcode_id=\u00bb741491&#8243; css=\u00bb.vc_custom_1757952593087{margin-bottom: 0px !important;padding-top: 30px !important;}\u00bb]<\/p>\n<hr class=\"linea-contenedor\" \/>\n<p>[\/vc_column_text][vc_column_text uncode_shortcode_id=\u00bb202587&#8243;]<\/p>\n<h6 class=\"serifTitulo NoMargin\">04<\/h6>\n<h2 class=\"subtituloLab gradient-text-teresa MPFadeSubtitulo\">El acontecimiento como modelo de conocimiento<\/h2>\n<p class=\"MainSerif grey\">Uno de los conceptos clave de cisma es el acontecimiento. Un acontecimiento no es un evento programado, sino una irrupci\u00f3n, algo que ocurre cuando las condiciones materiales, humanas y tecnol\u00f3gicas se alinean para producir una experiencia transformadora.<\/p>\n<p class=\"MainSerif grey\">El acontecimiento es, entonces, una forma de pensamiento. Cada uno activa una teor\u00eda, una forma de entender la relaci\u00f3n entre humanos y m\u00e1quinas, entre cuerpos y c\u00f3digos. En lugar de ofrecer discursos cerrados, los acontecimientos generan situaciones de apertura, donde teor\u00eda y pr\u00e1ctica se confunden.<\/p>\n<p>[\/vc_column_text][\/vc_column][vc_column column_width_percent=\u00bb100&#8243; gutter_size=\u00bb0&#8243; override_padding=\u00bbyes\u00bb column_padding=\u00bb0&#8243; overlay_alpha=\u00bb50&#8243; shift_x=\u00bb0&#8243; shift_y=\u00bb0&#8243; shift_y_down=\u00bb0&#8243; z_index=\u00bb0&#8243; medium_width=\u00bb0&#8243; mobile_width=\u00bb0&#8243; width=\u00bb1\/2&#8243; uncode_shortcode_id=\u00bb661352&#8243; css=\u00bb.vc_custom_1757950707043{border-top-width: 0px !important;border-bottom-width: 0px !important;padding-top: 0px !important;padding-bottom: 0px !important;}\u00bb][vc_column_text uncode_shortcode_id=\u00bb741491&#8243; css=\u00bb.vc_custom_1757952593087{margin-bottom: 0px !important;padding-top: 30px !important;}\u00bb]<\/p>\n<hr class=\"linea-contenedor\" \/>\n<p>[\/vc_column_text][vc_column_text uncode_shortcode_id=\u00bb146685&#8243;]<\/p>\n<h6 class=\"serifTitulo NoMargin\">05<\/h6>\n<h2 class=\"subtituloLab gradient-text-teresa MPFadeSubtitulo\">Un nuevo modelo de gesti\u00f3n cultural y simb\u00f3lica<\/h2>\n<p class=\"MainSerif grey\">Ser un nuevo modelo de comunidad implica tambi\u00e9n ser un nuevo modelo de gesti\u00f3n. Cisma propone romper con la dependencia de instituciones tradicionales y abrir espacios autogestionados.<\/p>\n<p class=\"MainSerif grey\">El modelo cisma no espera validaci\u00f3n externa. No necesita de las l\u00f3gicas del mercado del arte.<\/p>\n<p>[\/vc_column_text][\/vc_column][\/vc_row][vc_row unlock_row_content=\u00bbyes\u00bb row_height_percent=\u00bb0&#8243; override_padding=\u00bbyes\u00bb h_padding=\u00bb0&#8243; top_padding=\u00bb0&#8243; bottom_padding=\u00bb0&#8243; overlay_alpha=\u00bb50&#8243; gutter_size=\u00bb3&#8243; column_width_percent=\u00bb100&#8243; shift_y=\u00bb0&#8243; z_index=\u00bb0&#8243; content_parallax=\u00bb0&#8243; uncode_shortcode_id=\u00bb140399&#8243; el_class=\u00bbDivMain Blur\u00bb css=\u00bb.vc_custom_1768121477959{margin-bottom: -40px !important;padding-bottom: 0px !important;}\u00bb][vc_column column_width_percent=\u00bb100&#8243; gutter_size=\u00bb0&#8243; override_padding=\u00bbyes\u00bb column_padding=\u00bb0&#8243; overlay_alpha=\u00bb50&#8243; shift_x=\u00bb0&#8243; shift_y=\u00bb0&#8243; shift_y_down=\u00bb0&#8243; z_index=\u00bb0&#8243; medium_width=\u00bb0&#8243; mobile_width=\u00bb0&#8243; width=\u00bb1\/1&#8243; uncode_shortcode_id=\u00bb189184&#8243; el_class=\u00bbhero-stack\u00bb css=\u00bb.vc_custom_1757950756738{border-top-width: 0px !important;border-bottom-width: 0px !important;padding-top: 0px !important;padding-bottom: 0px !important;}\u00bb][vc_column_text uncode_shortcode_id=\u00bb197529&#8243;]<\/p>\n<h5 class=\"subtituloLab\"><a id=\"netcommunity\"><\/a><\/h5>\n<p>[\/vc_column_text][vc_column_text uncode_shortcode_id=\u00bb172902&#8243;]<\/p>\n<h6 class=\"serifTitulo grey\">02<\/h6>\n<h2 class=\"tituloApartado gradient-text-teresa MPFadeTextDeg\">Net Community<\/h2>\n<p>[\/vc_column_text][\/vc_column][\/vc_row][vc_row unlock_row_content=\u00bbyes\u00bb row_height_percent=\u00bb0&#8243; override_padding=\u00bbyes\u00bb h_padding=\u00bb0&#8243; top_padding=\u00bb0&#8243; bottom_padding=\u00bb2&#8243; overlay_alpha=\u00bb50&#8243; gutter_size=\u00bb3&#8243; column_width_percent=\u00bb100&#8243; shift_y=\u00bb0&#8243; z_index=\u00bb0&#8243; content_parallax=\u00bb0&#8243; uncode_shortcode_id=\u00bb123336&#8243; el_class=\u00bbDivMain MPFadeBloque Blur\u00bb][vc_column column_width_percent=\u00bb100&#8243; gutter_size=\u00bb0&#8243; override_padding=\u00bbyes\u00bb column_padding=\u00bb0&#8243; overlay_alpha=\u00bb50&#8243; shift_x=\u00bb0&#8243; shift_y=\u00bb0&#8243; shift_y_down=\u00bb0&#8243; z_index=\u00bb0&#8243; medium_width=\u00bb0&#8243; mobile_width=\u00bb0&#8243; width=\u00bb1\/2&#8243; uncode_shortcode_id=\u00bb193343&#8243; css=\u00bb.vc_custom_1758016230685{border-top-width: 0px !important;border-bottom-width: 0px !important;padding-top: 0px !important;padding-bottom: 0px !important;}\u00bb el_class=\u00bbMarginCol2&#8243;][vc_column_text uncode_shortcode_id=\u00bb741491&#8243; css=\u00bb.vc_custom_1757952593087{margin-bottom: 0px !important;padding-top: 30px !important;}\u00bb]<\/p>\n<hr class=\"linea-contenedor\" \/>\n<p>[\/vc_column_text][vc_column_text uncode_shortcode_id=\u00bb141263&#8243;]<\/p>\n<h6 class=\"serifTitulo NoMargin\">01<\/h6>\n<h2 class=\"subtituloLab gradient-text-teresa MPFadeSubtitulo\">We Foster Collaboration and Synergies<\/h2>\n<p class=\"MainSerif grey\">We exchange ideas and projects: Cultural professionals connect, share experiences, and generate collaborations that otherwise wouldn\u2019t be possible.<\/p>\n<p class=\"MainSerif grey\">We make talent visible: Profiles are accessible, which can foster the creation of joint projects, co-productions, and other forms of collaboration.<\/p>\n<p>[\/vc_column_text][\/vc_column][vc_column column_width_percent=\u00bb100&#8243; gutter_size=\u00bb0&#8243; override_padding=\u00bbyes\u00bb column_padding=\u00bb0&#8243; overlay_alpha=\u00bb50&#8243; shift_x=\u00bb0&#8243; shift_y=\u00bb0&#8243; shift_y_down=\u00bb0&#8243; z_index=\u00bb0&#8243; medium_width=\u00bb0&#8243; mobile_width=\u00bb0&#8243; width=\u00bb1\/2&#8243; uncode_shortcode_id=\u00bb661352&#8243; css=\u00bb.vc_custom_1757950707043{border-top-width: 0px !important;border-bottom-width: 0px !important;padding-top: 0px !important;padding-bottom: 0px !important;}\u00bb][vc_column_text uncode_shortcode_id=\u00bb741491&#8243; css=\u00bb.vc_custom_1757952593087{margin-bottom: 0px !important;padding-top: 30px !important;}\u00bb]<\/p>\n<hr class=\"linea-contenedor\" \/>\n<p>[\/vc_column_text][vc_column_text uncode_shortcode_id=\u00bb114713&#8243;]<\/p>\n<h6 class=\"serifTitulo NoMargin\">02<\/h6>\n<h2 class=\"subtituloLab gradient-text-teresa MPFadeSubtitulo\">Community Development<\/h2>\n<p class=\"MainSerif grey\">We have created a support network: Members can help each other, share resources, and find solutions to common problems within the cultural sector.<\/p>\n<p class=\"MainSerif grey\">We promote a sense of belonging: By having an exclusive space, users feel more connected and engaged with the platform.<\/p>\n<p>[\/vc_column_text][\/vc_column][\/vc_row][vc_row unlock_row_content=\u00bbyes\u00bb row_height_percent=\u00bb0&#8243; override_padding=\u00bbyes\u00bb h_padding=\u00bb0&#8243; top_padding=\u00bb0&#8243; bottom_padding=\u00bb2&#8243; overlay_alpha=\u00bb50&#8243; gutter_size=\u00bb3&#8243; column_width_percent=\u00bb100&#8243; shift_y=\u00bb0&#8243; z_index=\u00bb0&#8243; content_parallax=\u00bb0&#8243; uncode_shortcode_id=\u00bb196733&#8243; el_class=\u00bbDivMain MPFadeBloque Blur\u00bb][vc_column column_width_percent=\u00bb100&#8243; gutter_size=\u00bb0&#8243; override_padding=\u00bbyes\u00bb column_padding=\u00bb0&#8243; overlay_alpha=\u00bb50&#8243; shift_x=\u00bb0&#8243; shift_y=\u00bb0&#8243; shift_y_down=\u00bb0&#8243; z_index=\u00bb0&#8243; medium_width=\u00bb0&#8243; mobile_width=\u00bb0&#8243; width=\u00bb1\/2&#8243; uncode_shortcode_id=\u00bb193343&#8243; css=\u00bb.vc_custom_1758016230685{border-top-width: 0px !important;border-bottom-width: 0px !important;padding-top: 0px !important;padding-bottom: 0px !important;}\u00bb el_class=\u00bbMarginCol2&#8243;][vc_column_text uncode_shortcode_id=\u00bb741491&#8243; css=\u00bb.vc_custom_1757952593087{margin-bottom: 0px !important;padding-top: 30px !important;}\u00bb]<\/p>\n<hr class=\"linea-contenedor\" \/>\n<p>[\/vc_column_text][vc_column_text uncode_shortcode_id=\u00bb150091&#8243;]<\/p>\n<h6 class=\"serifTitulo NoMargin\">03<\/h6>\n<h2 class=\"subtituloLab gradient-text-teresa MPFadeSubtitulo\">Job Growth Opportunities<\/h2>\n<p class=\"MainSerif grey\">Job and call exchange: This networking area is a space where job offers, competition calls, exhibitions, events, and employment opportunities in the cultural field are posted.<\/p>\n<p>[\/vc_column_text][\/vc_column][vc_column column_width_percent=\u00bb100&#8243; gutter_size=\u00bb0&#8243; override_padding=\u00bbyes\u00bb column_padding=\u00bb0&#8243; overlay_alpha=\u00bb50&#8243; shift_x=\u00bb0&#8243; shift_y=\u00bb0&#8243; shift_y_down=\u00bb0&#8243; z_index=\u00bb0&#8243; medium_width=\u00bb0&#8243; mobile_width=\u00bb0&#8243; width=\u00bb1\/2&#8243; uncode_shortcode_id=\u00bb661352&#8243; css=\u00bb.vc_custom_1757950707043{border-top-width: 0px !important;border-bottom-width: 0px !important;padding-top: 0px !important;padding-bottom: 0px !important;}\u00bb][vc_column_text uncode_shortcode_id=\u00bb741491&#8243; css=\u00bb.vc_custom_1757952593087{margin-bottom: 0px !important;padding-top: 30px !important;}\u00bb]<\/p>\n<hr class=\"linea-contenedor\" \/>\n<p>[\/vc_column_text][vc_column_text uncode_shortcode_id=\u00bb207988&#8243;]<\/p>\n<h6 class=\"serifTitulo NoMargin\">02<\/h6>\n<h2 class=\"subtituloLab gradient-text-teresa MPFadeSubtitulo\">Platform Credibility<\/h2>\n<p class=\"MainSerif grey\">Increased relevance: Positioning the platform as a place where cultural professionals gather and connect.<\/p>\n<p class=\"MainSerif grey\">A networking functionality encourages users to return frequently to the platform, increasing interaction and activity within it.<\/p>\n<p>[\/vc_column_text][\/vc_column][\/vc_row][vc_row unlock_row_content=\u00bbyes\u00bb row_height_percent=\u00bb0&#8243; override_padding=\u00bbyes\u00bb h_padding=\u00bb0&#8243; top_padding=\u00bb0&#8243; bottom_padding=\u00bb3&#8243; overlay_alpha=\u00bb50&#8243; gutter_size=\u00bb3&#8243; column_width_percent=\u00bb100&#8243; shift_y=\u00bb0&#8243; z_index=\u00bb0&#8243; content_parallax=\u00bb0&#8243; uncode_shortcode_id=\u00bb765807&#8243; el_class=\u00bbDivMain MPFadeBloque Blur\u00bb][vc_column column_width_percent=\u00bb100&#8243; gutter_size=\u00bb0&#8243; override_padding=\u00bbyes\u00bb column_padding=\u00bb0&#8243; overlay_alpha=\u00bb50&#8243; shift_x=\u00bb0&#8243; shift_y=\u00bb0&#8243; shift_y_down=\u00bb0&#8243; z_index=\u00bb0&#8243; medium_width=\u00bb0&#8243; mobile_width=\u00bb0&#8243; width=\u00bb1\/2&#8243; uncode_shortcode_id=\u00bb193343&#8243; css=\u00bb.vc_custom_1758016230685{border-top-width: 0px !important;border-bottom-width: 0px !important;padding-top: 0px !important;padding-bottom: 0px !important;}\u00bb el_class=\u00bbMarginCol2&#8243;][vc_column_text uncode_shortcode_id=\u00bb741491&#8243; css=\u00bb.vc_custom_1757952593087{margin-bottom: 0px !important;padding-top: 30px !important;}\u00bb]<\/p>\n<hr class=\"linea-contenedor\" \/>\n<p>[\/vc_column_text][vc_column_text uncode_shortcode_id=\u00bb145597&#8243;]<\/p>\n<h6 class=\"serifTitulo NoMargin\">05<\/h6>\n<h2 class=\"subtituloLab gradient-text-teresa MPFadeSubtitulo\">Access to Exclusive Resources<\/h2>\n<p class=\"MainSerif grey\">Exclusive events: You can organize online or in-person events, such as webinars or round tables, that are only accessible to members of this network.<\/p>\n<p>[\/vc_column_text][\/vc_column][vc_column column_width_percent=\u00bb100&#8243; gutter_size=\u00bb0&#8243; override_padding=\u00bbyes\u00bb column_padding=\u00bb0&#8243; overlay_alpha=\u00bb50&#8243; shift_x=\u00bb0&#8243; shift_y=\u00bb0&#8243; shift_y_down=\u00bb0&#8243; z_index=\u00bb0&#8243; medium_width=\u00bb0&#8243; mobile_width=\u00bb0&#8243; width=\u00bb1\/2&#8243; uncode_shortcode_id=\u00bb661352&#8243; css=\u00bb.vc_custom_1757950707043{border-top-width: 0px !important;border-bottom-width: 0px !important;padding-top: 0px !important;padding-bottom: 0px !important;}\u00bb][vc_column_text uncode_shortcode_id=\u00bb741491&#8243; css=\u00bb.vc_custom_1757952593087{margin-bottom: 0px !important;padding-top: 30px !important;}\u00bb]<\/p>\n<hr class=\"linea-contenedor\" \/>\n<p>[\/vc_column_text][vc_column_text uncode_shortcode_id=\u00bb153771&#8243;]<\/p>\n<h6 class=\"serifTitulo NoMargin\">02<\/h6>\n<h2 class=\"subtituloLab gradient-text-teresa MPFadeSubtitulo\">Information and training<\/h2>\n<p class=\"MainSerif grey\">Exclusive content or additional resources, such as professional development guides, can be offered to enrich each user&#8217;s profile and their professional projection.<\/p>\n<p>[\/vc_column_text][\/vc_column][\/vc_row][vc_row unlock_row_content=\u00bbyes\u00bb row_height_percent=\u00bb0&#8243; override_padding=\u00bbyes\u00bb h_padding=\u00bb0&#8243; top_padding=\u00bb0&#8243; bottom_padding=\u00bb2&#8243; overlay_alpha=\u00bb50&#8243; gutter_size=\u00bb3&#8243; column_width_percent=\u00bb100&#8243; shift_y=\u00bb0&#8243; z_index=\u00bb0&#8243; content_parallax=\u00bb0&#8243; uncode_shortcode_id=\u00bb775705&#8243; el_class=\u00bbDivMain Blur\u00bb][vc_column column_width_percent=\u00bb100&#8243; gutter_size=\u00bb0&#8243; override_padding=\u00bbyes\u00bb column_padding=\u00bb0&#8243; overlay_alpha=\u00bb50&#8243; shift_x=\u00bb0&#8243; shift_y=\u00bb0&#8243; shift_y_down=\u00bb0&#8243; z_index=\u00bb0&#8243; medium_width=\u00bb0&#8243; mobile_width=\u00bb0&#8243; width=\u00bb1\/1&#8243; uncode_shortcode_id=\u00bb189184&#8243; el_class=\u00bbhero-stack\u00bb css=\u00bb.vc_custom_1757950756738{border-top-width: 0px !important;border-bottom-width: 0px !important;padding-top: 0px !important;padding-bottom: 0px !important;}\u00bb][vc_column_text uncode_shortcode_id=\u00bb197529&#8243;]<\/p>\n<h5 class=\"subtituloLab\"><a id=\"netcommunity\"><\/a><\/h5>\n<p>[\/vc_column_text][vc_column_text uncode_shortcode_id=\u00bb106786&#8243;]<\/p>\n<h2 class=\"tituloApartado gradient-text-teresa MPFadeTextDeg\">Members<\/h2>\n<h3 class=\"Main MPFadeTexto1v2\">Alberto Adsuara \u00b7 Pedro Aguilar \u00b7 David Aliaga \u00b7 Jos\u00e9 Ram\u00f3n Alcal\u00e1 \u00b7 Saad Ali \u00b7 Livia Amor\u00edn \u00b7 Andreas \u00b7 Silvana Andr\u00e9s \u00b7 Blanco Any\u00f3 \u00b7 Mar\u00eda Aranguren \u00b7 Daniel Argente \u00b7 Sonia Ariza \u00b7 Ana Arjona \u00b7Sergio Arribas \u00b7Patricia Ballester \u00b7 Barbiturikills \u00b7 Santiago Barrachina \u00b7 Ari Barrera \u00b7 Marina Barruer \u00b7 Monique Bastiaans \u00b7 Pierre Bastienss \u00b7 Boke Baz\u00e1n \u00b7 Pablo Bedia \u00b7 Carlota Bello \u00b7 Alex Benavent \u00b7 Victor Benavides \u00b7 Arturo Borra \u00b7 Charlotte Boulou \u00b7 Xelo Bosch \u00b7 Peter Bosch \u00b7 Laura Budia \u00b7 Miguel Buend\u00eda \u00b7 \u00c1lvaro Calder\u00f3n \u00b7 Toni Calder\u00f3n \u00b7 Tom\u00e1s Canale \u00b7 Jenny Cant\u00f3 \u00b7 Jorge Carla \u00b7 Carlos Carchi \u00b7 Elia Casanova \u00b7 Cot\u00e9 Castillo \u00b7 Ioan D. Chiujdea \u00b7 Laura Chumpy \u00b7 Pere Ciscar \u00b7 Mireia Collado \u00b7Nieves Contreras \u00b7 Pol Coronado \u00b7 Patricia Crespo \u00b7 Andr\u00e9s Cuesta \u00b7 DavidArt \u00b7 Paco de la Torre \u00b7 Rafa del Corral \u00b7 Ulises Eliza \u00b7 Pablo Escrig \u00b7 Heidi Erbrich \u00b7 Sergio Falomir \u00b7 Bartolom\u00e9 Ferrando \u00b7 Fr\u00e9deric Floquet \u00b7 Alex Franc\u00e9s \u00b7 Xus Franc\u00e9s \u00b7 Jos\u00e9 Fern\u00e1ndez-Ll\u00e9brez \u00b7 Javier Gay \u00b7 M\u00f3nica Garc\u00eda \u00b7 Patricia Garc\u00eda \u00b7 Jeff Garc\u00eda \u00b7 Jos\u00e9 Miguel Garc\u00eda \u00b7 Teresa Garc\u00eda \u00b7 Fernando Gardux \u00b7 Camino Garz\u00f3n \u00b7 Nico Gay \u00b7 Joost Gerritsen \u00b7 Cristina Ghetti \u00b7 Manolo Gil \u00b7 Paco Gim\u00e9nez \u00b7 Laura Giordani \u00b7 Patricia Gisbert \u00b7 Jaime Goberna \u00b7 V\u00edktor G\u00f3mez \u00b7 Daniel Gordillo \u00b7 Maria Gras \u00b7 Oliver Johnson \u00b7 Bego\u00f1a Jord\u00e1 \u00b7 Jos\u00e9 Luis Juan \u00b7 Idriss Kaffouf \u00b7 Helena de las Heras \u00b7 Mai Hidalgo \u00b7 Cari Hurtado \u00b7Henry A. Lami\u00f1a \u00b7 Cyrille Larpenteur \u00b7 Alfonso Legaz \u00b7 Ana Raquel \u00b7 Leiva 3 Claudia Leoni \u00b7 Inma Li\u00f1ana \u00b7 Carlos Llavata \u00b7 Jorge L\u00f3pez \u00b7 Daniel L\u00f3pez \u00b7 Carlos Madrid \u00b7 Mar\u00eda Jos\u00e9 Marco \u00b7 Hugo Mart\u00ednez-Tormo \u00b7 Claudia Mart\u00ednez \u00b7 Herminia Mart\u00ednez \u00b7 Emanuele Mazza \u00b7 Isbel Messeguer \u00b7 Lauren Moffatt \u00b7 Carmen Molina \u00b7 Miguel Molina \u00b7 Roberto Moll\u00e1 \u00b7 \u00d3scar Mora \u00b7 Violette Mulet \u00b7 Iv\u00e1n Navarro \u00b7 NEA \u00b7 Matthew Neary \u00b7 La Nena \u00b7 Laureano N\u00fa\u00f1ez \u00b7 Egle Oddo \u00b7 Antonio Ortu\u00f1o \u00b7 Miguel O\u00f1ate \u00b7 Juanjo Ortiz \u00b7 Rosa Pascual \u00b7 Andy Paneque \u00b7 Peret \u00b7 El\u00edas P\u00e9rez \u00b7 Vic Pereir\u00f3 \u00b7 Ivan P\u00e9rez \u00b7 Marta P\u00e9rez \u00b7 Eva Peydr\u00f3 \u00b7 Patricia Picazo \u00b7 Ima Pic\u00f3 \u00b7 Empar Piera \u00b7 Juanjo Pineda \u00b7 Rebeca Plana \u00b7 Ana Ponce \u00b7 Jes\u00fas Poveda \u00b7 Ra\u00fal Real \u00b7 Claudia Robles \u00b7 Ximo Rochera \u00b7 Anna Roig \u00b7 Concha Ros \u00b7 Ar\u00cdstides Rosell \u00b7 Ana Roussel \u00b7 Ivo Rovira \u00b7 Lluis Salvador \u00b7 Juan Jos\u00e9 Sanchis \u00b7 Josep San Mart\u00edn \u00b7 Jonathan Segade \u00b7 Alba Simarro \u00b7 Meritxell Sim\u00f3 Simone Simons \u00b7 Juan Sixto \u00b7 Laura Szwarc \u00b7 \u00c1lvaro Terrones \u00b7 Teresa Tom\u00e1s \u00b7 Adri\u00e1n Torres \u00b7 Gabriel Torres \u00b7 Rub\u00e9n Tortosa \u00b7 Truna \u00b7 Filippos Tsitsopoulos \u00b7 Paco Valls \u00b7 Juana Varela \u00b7 Pedro Verdejo \u00b7 Ana Veintimilla \u00b7 Pedro Vicente \u00b7 Ricardo Vilar \u00b7 Lada Wilson \u00b7 Wuting \u00b7 Cento Yuste<\/h3>\n<p>[\/vc_column_text][\/vc_column][\/vc_row]<\/p>\n<\/div>","protected":false},"excerpt":{"rendered":"<p>[vc_row][vc_column width=\u00bb1\/1&#8243;][uncode_block id=\u00bb600&#8243;][\/vc_column][\/vc_row][vc_row unlock_row_content=\u00bbyes\u00bb row_height_percent=\u00bb0&#8243; override_padding=\u00bbyes\u00bb h_padding=\u00bb0&#8243; top_padding=\u00bb0&#8243; bottom_padding=\u00bb0&#8243; overlay_alpha=\u00bb50&#8243; gutter_size=\u00bb3&#8243; column_width_percent=\u00bb100&#8243; shift_y=\u00bb0&#8243; z_index=\u00bb3&#8243; content_parallax=\u00bb0&#8243; uncode_shortcode_id=\u00bb769351&#8243; el_class=\u00bbhero-wrap DivHeader Blur\u00bb][vc_column column_width_percent=\u00bb100&#8243; [&hellip;]<\/p>\n","protected":false},"author":1,"featured_media":488,"parent":0,"menu_order":0,"comment_status":"closed","ping_status":"closed","template":"","meta":{"footnotes":""},"class_list":["post-1191","page","type-page","status-publish","has-post-thumbnail","hentry"],"_links":{"self":[{"href":"https:\/\/test-agraph.space\/cisma\/wp-json\/wp\/v2\/pages\/1191","targetHints":{"allow":["GET"]}}],"collection":[{"href":"https:\/\/test-agraph.space\/cisma\/wp-json\/wp\/v2\/pages"}],"about":[{"href":"https:\/\/test-agraph.space\/cisma\/wp-json\/wp\/v2\/types\/page"}],"author":[{"embeddable":true,"href":"https:\/\/test-agraph.space\/cisma\/wp-json\/wp\/v2\/users\/1"}],"replies":[{"embeddable":true,"href":"https:\/\/test-agraph.space\/cisma\/wp-json\/wp\/v2\/comments?post=1191"}],"version-history":[{"count":59,"href":"https:\/\/test-agraph.space\/cisma\/wp-json\/wp\/v2\/pages\/1191\/revisions"}],"predecessor-version":[{"id":1200,"href":"https:\/\/test-agraph.space\/cisma\/wp-json\/wp\/v2\/pages\/1191\/revisions\/1200"}],"wp:featuredmedia":[{"embeddable":true,"href":"https:\/\/test-agraph.space\/cisma\/wp-json\/wp\/v2\/media\/488"}],"wp:attachment":[{"href":"https:\/\/test-agraph.space\/cisma\/wp-json\/wp\/v2\/media?parent=1191"}],"curies":[{"name":"wp","href":"https:\/\/api.w.org\/{rel}","templated":true}]}}